{"id":882,"date":"2022-04-22T18:21:29","date_gmt":"2022-04-22T16:21:29","guid":{"rendered":"https:\/\/mumpark.hu\/szolgaltatasok\/?post_type=listing&#038;p=882"},"modified":"2022-07-28T11:16:29","modified_gmt":"2022-07-28T09:16:29","slug":"kapcsolodo-korok","status":"publish","type":"listing","link":"https:\/\/mumpark.hu\/szolgaltatasok\/blog\/talalat\/kapcsolodo-korok\/","title":{"rendered":"\u201cKapcsol\u00f3d\u00f3 K\u00f6r\u00f6k\u201d"},"content":{"rendered":"<p class=\"p1\"><span class=\"s1\">Fekete Imola vagyok. 9 \u00e9ve vagyok kapcsolatban sz\u00fcl\u0151kkel a gyermeknevel\u00e9sr\u0151l sz\u00f3l\u00f3 blogom r\u00e9v\u00e9n, amib\u0151l nemr\u00e9g k\u00f6nyv is sz\u00fcletett. <\/span><\/p>\n<blockquote>\n<p class=\"p1\"><span class=\"s1\">\u201cA <a href=\"http:\/\/www.shop.nekunkbevalt.hu\/\"><span class=\"s2\">Nek\u00fcnk bev\u00e1lt<\/span><\/a> k\u00f6tet nem a t\u00f6k\u00e9letes nevel\u00e9sben, hanem az \u00faj alternat\u00edv\u00e1k kialak\u00edt\u00e1s\u00e1ban seg\u00edt.\u201d<br \/>\n(N\u0151k Lapja Pszichol\u00f3gia)<\/span><\/p>\n<\/blockquote>\n<p class=\"p1\"><span class=\"s1\">Mindez elm\u00e9lyed\u00e9sre inspir\u00e1lt a lelki folyamatokban, a szakirodalomban \u00e9s a seg\u00edt\u0151i szerepemben. Kommunik\u00e1ci\u00f3s \u00e9s online ment\u00e1lhigi\u00e9n\u00e9s tan\u00e1csad\u00f3 szakemberk\u00e9nt kompetens vagyok a t\u00e1vols\u00e1gok \u00e1thidal\u00e1s\u00e1nak legegyszer\u0171bb m\u00f3dj\u00e1t seg\u00edts\u00e9g\u00fcl h\u00edvni ahhoz, hogy el\u0151seg\u00edtsem \u00e9s facilit\u00e1ljam a sz\u00fcl\u0151k egym\u00e1shoz val\u00f3 kapcsol\u00f3d\u00e1s\u00e1t az internet \u00e1ltal biztos\u00edtott t\u00e9rben.<\/span><\/p>\n<p class=\"p1\"><span class=\"s1\">F\u0151leg akkor, amikor nem lehet szem\u00e9lyesen tal\u00e1lkozni. Hi\u00e1nyzik a t\u00e1mogat\u00f3 k\u00f6zeg, a csal\u00e1dod is messze \u00e9l. Nincsenek hasonl\u00f3 cip\u0151ben j\u00e1r\u00f3 bar\u00e1tok k\u00f6r\u00fcl\u00f6tted. Vagy egyszer\u0171en az van, hogy sz\u00edvesebben osztan\u00e1d meg a neh\u00e9zs\u00e9geidet olyanokkal, akik nem \u00e1llnak hozz\u00e1d annyira k\u00f6zel. <\/span><\/p>\n<p class=\"p1\"><strong><span class=\"s3\">Hogyan seg\u00edthetlek? <\/span><\/strong><\/p>\n<p class=\"p1\"><span class=\"s1\">A <a href=\"http:\/\/www.kapcsolodokorok.hu\/\"><span class=\"s2\">Kapcsol\u00f3d\u00f3 K\u00f6<\/span><\/a>r\u00f6k projekt arra ir\u00e1nyul, hogy a kisgyermeket nevel\u0151k k\u00f6r\u00fcl p\u00f3toljuk a covid \u00e1ltal is megt\u00e9p\u00e1zott szoci\u00e1lis h\u00e1l\u00f3nak azt a szerep\u00e9t, amit<\/span><\/p>\n<ul class=\"ul1\">\n<li class=\"li1\"><span class=\"s1\">a tapasztalatcsere,<\/span><\/li>\n<li class=\"li1\"><span class=\"s1\">az \u00e9p\u00edt\u0151 besz\u00e9lget\u00e9sek,<\/span><\/li>\n<li class=\"li1\"><span class=\"s1\">a hasonl\u00f3 cip\u0151ben j\u00e1r\u00f3kkal val\u00f3 kapcsol\u00f3d\u00e1s ny\u00fajt.<\/span><\/li>\n<\/ul>\n<p class=\"p1\"><span class=\"s1\">Ez\u00e1ltal is cs\u00f6kkenhet az elszigetel\u0151d\u00e9s, az \u0151rl\u0151d\u00e9s egy-egy probl\u00e9ma felett \u00e9s a bizonytalans\u00e1g, ami rontja a ment\u00e1lis j\u00f3ll\u00e9t\u00fcnket.<\/span><\/p>\n<blockquote>\n<p class=\"p1\"><strong><span class=\"s5\"> 6 r\u00e9sztvev\u0151 \u2022 1 dilemma \u2022 sz\u00e1mtalan megold\u00e1s<\/span><\/strong><\/p>\n<\/blockquote>\n<p class=\"p1\"><span class=\"s1\">Hi\u00e1nyp\u00f3tl\u00f3 k\u00f6reinkben olyan feln\u0151ttekkel kapcsol\u00f3dhatsz, akik \u00e9rteni fogj\u00e1k a probl\u00e9m\u00e1dat. Nem csak gyermeknevel\u00e9ssel kapcsolatos k\u00e9rd\u00e9sekben. <\/span><\/p>\n<p class=\"p1\"><strong><span class=\"s3\">Mire sz\u00e1m\u00edthatsz?\u00a0<\/span><\/strong><\/p>\n<ul class=\"ul1\">\n<li class=\"li1\"><span class=\"s1\">J\u00e1t\u00e9kos k\u00e9rd\u00e9sekkel, asszoci\u00e1ci\u00f3s feladatokkal vezetett besz\u00e9lget\u00e9sre, bizalmas l\u00e9gk\u00f6rben. <\/span><\/li>\n<li class=\"li1\"><span class=\"s1\">4-6 f\u0151vel 2,5 \u00f3r\u00e1s program,<\/span><\/li>\n<li class=\"li1\"><span class=\"s1\">kisk\u00f6rben 2-3 f\u0151vel 1,5 \u00f3r\u00e1s program<\/span><\/li>\n<li class=\"li1\"><span class=\"s1\">Az aktu\u00e1lis k\u00f6r\u00f6kre k\u00fcl\u00f6nb\u00f6z\u0151 t\u00e9m\u00e1kban a honlapon tudsz helyet foglalni.<\/span><\/li>\n<li class=\"li1\"><span class=\"s1\">R\u00e9szv\u00e9teli d\u00edj: 3500Ft\/f\u0151<\/span><\/li>\n<\/ul>\n","protected":false},"author":88,"featured_media":890,"comment_status":"open","ping_status":"closed","template":"","listing-category":[35,15,16,6],"list-tags":[],"location":[20,415],"yoast_head":"<!-- This site is optimized with the Yoast SEO plugin v22.0 - https:\/\/yoast.com\/wordpress\/plugins\/seo\/ -->\n<title>\u201cKapcsol\u00f3d\u00f3 K\u00f6r\u00f6k\u201d - ALL FOR MUMS<\/title>\n<meta name=\"description\" content=\"9 \u00e9ve vagyok kapcsolatban sz\u00fcl\u0151kkel a gyermeknevel\u00e9sr\u0151l sz\u00f3l\u00f3 blogom r\u00e9v\u00e9n, amib\u0151l nemr\u00e9g k\u00f6nyv is sz\u00fcletett. All For Mums - az any\u00e1k keres\u0151je\" \/>\n<meta name=\"robots\" content=\"index, follow, max-snippet:-1, max-image-preview:large, max-video-preview:-1\" \/>\n<link rel=\"canonical\" href=\"https:\/\/mumpark.hu\/szolgaltatasok\/blog\/talalat\/kapcsolodo-korok\/\" \/>\n<meta property=\"og:locale\" content=\"hu_HU\" \/>\n<meta property=\"og:type\" content=\"article\" \/>\n<meta property=\"og:title\" content=\"\u201cKapcsol\u00f3d\u00f3 K\u00f6r\u00f6k\u201d - ALL FOR MUMS\" \/>\n<meta property=\"og:description\" content=\"9 \u00e9ve vagyok kapcsolatban sz\u00fcl\u0151kkel a gyermeknevel\u00e9sr\u0151l sz\u00f3l\u00f3 blogom r\u00e9v\u00e9n, amib\u0151l nemr\u00e9g k\u00f6nyv is sz\u00fcletett. All For Mums - az any\u00e1k keres\u0151je\" \/>\n<meta property=\"og:url\" content=\"https:\/\/mumpark.hu\/szolgaltatasok\/blog\/talalat\/kapcsolodo-korok\/\" \/>\n<meta property=\"og:site_name\" content=\"ALL FOR MUMS\" \/>\n<meta property=\"article:publisher\" content=\"http:\/\/facebook.com\/mumpark.hu\" \/>\n<meta property=\"article:modified_time\" content=\"2022-07-28T09:16:29+00:00\" \/>\n<meta property=\"og:image\" content=\"https:\/\/mumpark.hu\/szolgaltatasok\/wp-content\/uploads\/2022\/04\/224F52C9-DE7E-4FB5-9EF5-9F755EF15631-2-scaled.jpeg\" \/>\n\t<meta property=\"og:image:width\" content=\"2560\" \/>\n\t<meta property=\"og:image:height\" content=\"1920\" \/>\n\t<meta property=\"og:image:type\" content=\"image\/jpeg\" \/>\n<meta name=\"twitter:card\" content=\"summary_large_image\" \/>\n<meta name=\"twitter:label1\" content=\"Becs\u00fclt olvas\u00e1si id\u0151\" \/>\n\t<meta name=\"twitter:data1\" content=\"2 perc\" \/>\n<script type=\"application\/ld+json\" class=\"yoast-schema-graph\">{\"@context\":\"https:\/\/schema.org\",\"@graph\":[{\"@type\":\"WebPage\",\"@id\":\"https:\/\/mumpark.hu\/szolgaltatasok\/blog\/talalat\/kapcsolodo-korok\/\",\"url\":\"https:\/\/mumpark.hu\/szolgaltatasok\/blog\/talalat\/kapcsolodo-korok\/\",\"name\":\"\u201cKapcsol\u00f3d\u00f3 K\u00f6r\u00f6k\u201d - ALL FOR MUMS\",\"isPartOf\":{\"@id\":\"https:\/\/mumpark.hu\/szolgaltatasok\/#website\"},\"datePublished\":\"2022-04-22T16:21:29+00:00\",\"dateModified\":\"2022-07-28T09:16:29+00:00\",\"description\":\"9 \u00e9ve vagyok kapcsolatban sz\u00fcl\u0151kkel a gyermeknevel\u00e9sr\u0151l sz\u00f3l\u00f3 blogom r\u00e9v\u00e9n, amib\u0151l nemr\u00e9g k\u00f6nyv is sz\u00fcletett. All For Mums - az any\u00e1k keres\u0151je\",\"breadcrumb\":{\"@id\":\"https:\/\/mumpark.hu\/szolgaltatasok\/blog\/talalat\/kapcsolodo-korok\/#breadcrumb\"},\"inLanguage\":\"hu\",\"potentialAction\":[{\"@type\":\"ReadAction\",\"target\":[\"https:\/\/mumpark.hu\/szolgaltatasok\/blog\/talalat\/kapcsolodo-korok\/\"]}]},{\"@type\":\"BreadcrumbList\",\"@id\":\"https:\/\/mumpark.hu\/szolgaltatasok\/blog\/talalat\/kapcsolodo-korok\/#breadcrumb\",\"itemListElement\":[{\"@type\":\"ListItem\",\"position\":1,\"name\":\"Kezd\u0151lap\",\"item\":\"https:\/\/mumpark.hu\/szolgaltatasok\/\"},{\"@type\":\"ListItem\",\"position\":2,\"name\":\"\u201cKapcsol\u00f3d\u00f3 K\u00f6r\u00f6k\u201d\"}]},{\"@type\":\"WebSite\",\"@id\":\"https:\/\/mumpark.hu\/szolgaltatasok\/#website\",\"url\":\"https:\/\/mumpark.hu\/szolgaltatasok\/\",\"name\":\"ALL FOR MUMS\",\"description\":\"Minden, amire az any&aacute;knak sz&uuml;ks&eacute;ge lehet\",\"publisher\":{\"@id\":\"https:\/\/mumpark.hu\/szolgaltatasok\/#organization\"},\"potentialAction\":[{\"@type\":\"SearchAction\",\"target\":{\"@type\":\"EntryPoint\",\"urlTemplate\":\"https:\/\/mumpark.hu\/szolgaltatasok\/?s={search_term_string}\"},\"query-input\":\"required name=search_term_string\"}],\"inLanguage\":\"hu\"},{\"@type\":\"Organization\",\"@id\":\"https:\/\/mumpark.hu\/szolgaltatasok\/#organization\",\"name\":\"MUM PARK\",\"url\":\"https:\/\/mumpark.hu\/szolgaltatasok\/\",\"logo\":{\"@type\":\"ImageObject\",\"inLanguage\":\"hu\",\"@id\":\"https:\/\/mumpark.hu\/szolgaltatasok\/#\/schema\/logo\/image\/\",\"url\":\"https:\/\/mumpark.hu\/szolgaltatasok\/wp-content\/uploads\/2021\/02\/Copy-of-MUM-PARK-3.png\",\"contentUrl\":\"https:\/\/mumpark.hu\/szolgaltatasok\/wp-content\/uploads\/2021\/02\/Copy-of-MUM-PARK-3.png\",\"width\":670,\"height\":200,\"caption\":\"MUM PARK\"},\"image\":{\"@id\":\"https:\/\/mumpark.hu\/szolgaltatasok\/#\/schema\/logo\/image\/\"},\"sameAs\":[\"http:\/\/facebook.com\/mumpark.hu\",\"https:\/\/www.instagram.com\/mumpark.hu\/\"]}]}<\/script>\n<!-- \/ Yoast SEO plugin. -->","yoast_head_json":{"title":"\u201cKapcsol\u00f3d\u00f3 K\u00f6r\u00f6k\u201d - ALL FOR MUMS","description":"9 \u00e9ve vagyok kapcsolatban sz\u00fcl\u0151kkel a gyermeknevel\u00e9sr\u0151l sz\u00f3l\u00f3 blogom r\u00e9v\u00e9n, amib\u0151l nemr\u00e9g k\u00f6nyv is sz\u00fcletett. All For Mums - az any\u00e1k keres\u0151je","robots":{"index":"index","follow":"follow","max-snippet":"max-snippet:-1","max-image-preview":"max-image-preview:large","max-video-preview":"max-video-preview:-1"},"canonical":"https:\/\/mumpark.hu\/szolgaltatasok\/blog\/talalat\/kapcsolodo-korok\/","og_locale":"hu_HU","og_type":"article","og_title":"\u201cKapcsol\u00f3d\u00f3 K\u00f6r\u00f6k\u201d - ALL FOR MUMS","og_description":"9 \u00e9ve vagyok kapcsolatban sz\u00fcl\u0151kkel a gyermeknevel\u00e9sr\u0151l sz\u00f3l\u00f3 blogom r\u00e9v\u00e9n, amib\u0151l nemr\u00e9g k\u00f6nyv is sz\u00fcletett. All For Mums - az any\u00e1k keres\u0151je","og_url":"https:\/\/mumpark.hu\/szolgaltatasok\/blog\/talalat\/kapcsolodo-korok\/","og_site_name":"ALL FOR MUMS","article_publisher":"http:\/\/facebook.com\/mumpark.hu","article_modified_time":"2022-07-28T09:16:29+00:00","og_image":[{"width":2560,"height":1920,"url":"https:\/\/mumpark.hu\/szolgaltatasok\/wp-content\/uploads\/2022\/04\/224F52C9-DE7E-4FB5-9EF5-9F755EF15631-2-scaled.jpeg","type":"image\/jpeg"}],"twitter_card":"summary_large_image","twitter_misc":{"Becs\u00fclt olvas\u00e1si id\u0151":"2 perc"},"schema":{"@context":"https:\/\/schema.org","@graph":[{"@type":"WebPage","@id":"https:\/\/mumpark.hu\/szolgaltatasok\/blog\/talalat\/kapcsolodo-korok\/","url":"https:\/\/mumpark.hu\/szolgaltatasok\/blog\/talalat\/kapcsolodo-korok\/","name":"\u201cKapcsol\u00f3d\u00f3 K\u00f6r\u00f6k\u201d - ALL FOR MUMS","isPartOf":{"@id":"https:\/\/mumpark.hu\/szolgaltatasok\/#website"},"datePublished":"2022-04-22T16:21:29+00:00","dateModified":"2022-07-28T09:16:29+00:00","description":"9 \u00e9ve vagyok kapcsolatban sz\u00fcl\u0151kkel a gyermeknevel\u00e9sr\u0151l sz\u00f3l\u00f3 blogom r\u00e9v\u00e9n, amib\u0151l nemr\u00e9g k\u00f6nyv is sz\u00fcletett. All For Mums - az any\u00e1k keres\u0151je","breadcrumb":{"@id":"https:\/\/mumpark.hu\/szolgaltatasok\/blog\/talalat\/kapcsolodo-korok\/#breadcrumb"},"inLanguage":"hu","potentialAction":[{"@type":"ReadAction","target":["https:\/\/mumpark.hu\/szolgaltatasok\/blog\/talalat\/kapcsolodo-korok\/"]}]},{"@type":"BreadcrumbList","@id":"https:\/\/mumpark.hu\/szolgaltatasok\/blog\/talalat\/kapcsolodo-korok\/#breadcrumb","itemListElement":[{"@type":"ListItem","position":1,"name":"Kezd\u0151lap","item":"https:\/\/mumpark.hu\/szolgaltatasok\/"},{"@type":"ListItem","position":2,"name":"\u201cKapcsol\u00f3d\u00f3 K\u00f6r\u00f6k\u201d"}]},{"@type":"WebSite","@id":"https:\/\/mumpark.hu\/szolgaltatasok\/#website","url":"https:\/\/mumpark.hu\/szolgaltatasok\/","name":"ALL FOR MUMS","description":"Minden, amire az any&aacute;knak sz&uuml;ks&eacute;ge lehet","publisher":{"@id":"https:\/\/mumpark.hu\/szolgaltatasok\/#organization"},"potentialAction":[{"@type":"SearchAction","target":{"@type":"EntryPoint","urlTemplate":"https:\/\/mumpark.hu\/szolgaltatasok\/?s={search_term_string}"},"query-input":"required name=search_term_string"}],"inLanguage":"hu"},{"@type":"Organization","@id":"https:\/\/mumpark.hu\/szolgaltatasok\/#organization","name":"MUM PARK","url":"https:\/\/mumpark.hu\/szolgaltatasok\/","logo":{"@type":"ImageObject","inLanguage":"hu","@id":"https:\/\/mumpark.hu\/szolgaltatasok\/#\/schema\/logo\/image\/","url":"https:\/\/mumpark.hu\/szolgaltatasok\/wp-content\/uploads\/2021\/02\/Copy-of-MUM-PARK-3.png","contentUrl":"https:\/\/mumpark.hu\/szolgaltatasok\/wp-content\/uploads\/2021\/02\/Copy-of-MUM-PARK-3.png","width":670,"height":200,"caption":"MUM PARK"},"image":{"@id":"https:\/\/mumpark.hu\/szolgaltatasok\/#\/schema\/logo\/image\/"},"sameAs":["http:\/\/facebook.com\/mumpark.hu","https:\/\/www.instagram.com\/mumpark.hu\/"]}]}},"jetpack_sharing_enabled":true,"_links":{"self":[{"href":"https:\/\/mumpark.hu\/szolgaltatasok\/wp-json\/wp\/v2\/listing\/882"}],"collection":[{"href":"https:\/\/mumpark.hu\/szolgaltatasok\/wp-json\/wp\/v2\/listing"}],"about":[{"href":"https:\/\/mumpark.hu\/szolgaltatasok\/wp-json\/wp\/v2\/types\/listing"}],"author":[{"embeddable":true,"href":"https:\/\/mumpark.hu\/szolgaltatasok\/wp-json\/wp\/v2\/users\/88"}],"replies":[{"embeddable":true,"href":"https:\/\/mumpark.hu\/szolgaltatasok\/wp-json\/wp\/v2\/comments?post=882"}],"wp:featuredmedia":[{"embeddable":true,"href":"https:\/\/mumpark.hu\/szolgaltatasok\/wp-json\/wp\/v2\/media\/890"}],"wp:attachment":[{"href":"https:\/\/mumpark.hu\/szolgaltatasok\/wp-json\/wp\/v2\/media?parent=882"}],"wp:term":[{"taxonomy":"listing-category","embeddable":true,"href":"https:\/\/mumpark.hu\/szolgaltatasok\/wp-json\/wp\/v2\/listing-category?post=882"},{"taxonomy":"list-tags","embeddable":true,"href":"https:\/\/mumpark.hu\/szolgaltatasok\/wp-json\/wp\/v2\/list-tags?post=882"},{"taxonomy":"location","embeddable":true,"href":"https:\/\/mumpark.hu\/szolgaltatasok\/wp-json\/wp\/v2\/location?post=882"}],"curies":[{"name":"wp","href":"https:\/\/api.w.org\/{rel}","templated":true}]}}